{"id":312,"date":"2023-12-23T09:45:37","date_gmt":"2023-12-23T09:45:37","guid":{"rendered":"https:\/\/bibliotekavirtuale.com\/?page_id=312"},"modified":"2023-12-23T10:00:19","modified_gmt":"2023-12-23T10:00:19","slug":"sistemet-e-ajrit-te-kondicionuar","status":"publish","type":"page","link":"https:\/\/bibliotekavirtuale.com\/index.php\/sistemet-e-ajrit-te-kondicionuar\/","title":{"rendered":"Sistemet e ajrit t\u00eb kondicionuar"},"content":{"rendered":"\t\t<div data-elementor-type=\"wp-page\" data-elementor-id=\"312\" class=\"elementor elementor-312\">\n\t\t\t\t<div class=\"elementor-element elementor-element-672a800 e-flex e-con-boxed e-con e-parent\" data-id=\"672a800\" data-element_type=\"container\">\n\t\t\t\t\t<div class=\"e-con-inner\">\n\t\t\t\t<div class=\"elementor-element elementor-element-78604cb elementor-widget elementor-widget-shortcode\" data-id=\"78604cb\" data-element_type=\"widget\" data-widget_type=\"shortcode.default\">\n\t\t\t\t<div class=\"elementor-widget-container\">\n\t\t\t\t\t\t\t<div class=\"elementor-shortcode\"><\/div>\n\t\t\t\t\t\t<\/div>\n\t\t\t\t<\/div>\n\t\t\t\t\t<\/div>\n\t\t\t\t<\/div>\n\t\t<div class=\"elementor-element elementor-element-e348868 e-flex e-con-boxed e-con e-parent\" data-id=\"e348868\" data-element_type=\"container\">\n\t\t\t\t\t<div class=\"e-con-inner\">\n\t\t<div class=\"elementor-element elementor-element-6a4ec24 e-con-full e-flex e-con e-child\" data-id=\"6a4ec24\" data-element_type=\"container\">\n\t\t\t\t<div class=\"elementor-element elementor-element-23b61d9 elementor-widget elementor-widget-text-editor\" data-id=\"23b61d9\" data-element_type=\"widget\" data-widget_type=\"text-editor.default\">\n\t\t\t\t<div class=\"elementor-widget-container\">\n\t\t\t\t\t\t\t\t\t<p>N\u00eb klimatizimin e bibliotekave, \u00ebsht\u00eb e r\u00ebnd\u00ebsishme t\u00eb ruhet koleksioni n\u00eb nivelet e duhura t\u00eb lag\u00ebshtis\u00eb dhe temperatur\u00ebs dhe t\u00eb krijohen hap\u00ebsira banimi t\u00eb p\u00ebrshtatshme p\u00ebr komoditetin e p\u00ebrdoruesve. P\u00ebr k\u00ebt\u00eb arsye, klimatizimi nuk b\u00ebhet me zgjidhje t\u00eb thjeshta, por me sisteme t\u00eb menaxhuara nga qendra dhe t\u00eb kontrolluara automatikisht n\u00eb koh\u00eb reale, t\u00eb cilat do t\u00eb lejojn\u00eb q\u00eb koleksionet t\u00eb ruhen p\u00ebr nj\u00eb koh\u00eb t\u00eb gjat\u00eb. Nj\u00eb \u00e7\u00ebshtje tjet\u00ebr e r\u00ebnd\u00ebsishme q\u00eb materialet n\u00eb koleksion duhet t\u00eb ruhen p\u00ebr nj\u00eb koh\u00eb t\u00eb gjat\u00eb \u00ebsht\u00eb t\u00eb sigurohet q\u00eb ato t\u00eb mbrohen nga ndryshimet e papritura t\u00eb temperatur\u00ebs dhe lag\u00ebshtis\u00eb.<\/p>\t\t\t\t\t\t\t\t<\/div>\n\t\t\t\t<\/div>\n\t\t\t\t<\/div>\n\t\t<div class=\"elementor-element elementor-element-ead160c e-con-full e-flex e-con e-child\" data-id=\"ead160c\" data-element_type=\"container\">\n\t\t\t\t<div class=\"elementor-element elementor-element-dd60827 elementor-widget elementor-widget-image\" data-id=\"dd60827\" data-element_type=\"widget\" data-widget_type=\"image.default\">\n\t\t\t\t<div class=\"elementor-widget-container\">\n\t\t\t\t\t\t\t\t\t\t\t\t\t\t\t<img decoding=\"async\" width=\"266\" height=\"178\" src=\"https:\/\/bibliotekavirtuale.com\/wp-content\/uploads\/2023\/12\/iklimlendirme.fw_.png\" class=\"attachment-large size-large wp-image-319\" alt=\"\" \/>\t\t\t\t\t\t\t\t\t\t\t\t\t\t\t<\/div>\n\t\t\t\t<\/div>\n\t\t\t\t<\/div>\n\t\t\t\t\t<\/div>\n\t\t\t\t<\/div>\n\t\t<div class=\"elementor-element elementor-element-c4eb2d0 e-flex e-con-boxed e-con e-parent\" data-id=\"c4eb2d0\" data-element_type=\"container\">\n\t\t\t\t\t<div class=\"e-con-inner\">\n\t\t<div class=\"elementor-element elementor-element-80c2315 e-con-full e-flex e-con e-child\" data-id=\"80c2315\" data-element_type=\"container\">\n\t\t\t\t<div class=\"elementor-element elementor-element-d6ccb7c elementor-widget elementor-widget-image\" data-id=\"d6ccb7c\" data-element_type=\"widget\" data-widget_type=\"image.default\">\n\t\t\t\t<div class=\"elementor-widget-container\">\n\t\t\t\t\t\t\t\t\t\t\t\t\t\t\t<img fetchpriority=\"high\" decoding=\"async\" width=\"720\" height=\"544\" src=\"https:\/\/bibliotekavirtuale.com\/wp-content\/uploads\/2023\/12\/2-3.png\" class=\"attachment-large size-large wp-image-318\" alt=\"\" \/>\t\t\t\t\t\t\t\t\t\t\t\t\t\t\t<\/div>\n\t\t\t\t<\/div>\n\t\t\t\t<\/div>\n\t\t<div class=\"elementor-element elementor-element-c92ded1 e-con-full e-flex e-con e-child\" data-id=\"c92ded1\" data-element_type=\"container\">\n\t\t\t\t<div class=\"elementor-element elementor-element-6c9a6a3 elementor-widget elementor-widget-text-editor\" data-id=\"6c9a6a3\" data-element_type=\"widget\" data-widget_type=\"text-editor.default\">\n\t\t\t\t<div class=\"elementor-widget-container\">\n\t\t\t\t\t\t\t\t\t<p>Sistemet q\u00eb mund t\u00eb menaxhohen nga nj\u00eb qend\u00ebr e vetme nevojiten p\u00ebr t\u00eb kondicionuar mjediset e pun\u00ebs dhe zonat e leximit t\u00eb bibliotekave ku ruhen koleksionet sipas k\u00ebtyre kritereve. Si rezultat i matjes s\u00eb menj\u00ebhershme t\u00eb vlerave t\u00eb temperatur\u00ebs dhe lag\u00ebshtis\u00eb, sistemet e ajrit t\u00eb kondicionuar do t\u00eb aktivizohen n\u00eb p\u00ebrputhje me vlerat e matura dhe do t\u00eb sigurojn\u00eb q\u00eb vlerat e p\u00ebrcaktuara t\u00eb lag\u00ebshtis\u00eb dhe temperatur\u00ebs t\u00eb mbahen konstante pa ndryshuar. Kursimet e energjis\u00eb mund t\u00eb arrihen me sistemet e gjenerat\u00ebs s\u00eb re t\u00eb ajrit t\u00eb kondicionuar dhe bibliotekat do t\u00eb b\u00ebhen hap\u00ebsira t\u00eb jetueshme si p\u00ebr koleksionin, ashtu edhe p\u00ebr punonj\u00ebsit dhe p\u00ebrdoruesit. Me kanalet e posa\u00e7me t\u00eb ventilimit dhe sistemet e mikroklim\u00ebs q\u00eb do t\u00eb instalohen n\u00eb sistemet e kombinuara t\u00eb rafteve, ambienti i brendsh\u00ebm do t\u00eb p\u00ebrfitoj\u00eb edhe nga ajri i kondicionuar i jasht\u00ebm, duke krijuar k\u00ebshtu energji optimale dhe klim\u00eb minimale t\u00eb ndryshme midis ambienteve t\u00eb jashtme dhe t\u00eb brendshme. N\u00eb planifikimin e sistemeve t\u00eb ajrit t\u00eb kondicionuar, duhet t\u00eb shqyrtohen shum\u00eb detaje nga izolimi i jasht\u00ebm i bibliotek\u00ebs deri te sistemet e ngrohjes dhe duhet t\u00eb p\u00ebrgatitet projekti, si dhe duhet t\u00eb instalohen dhe t\u00eb vihen n\u00eb funksion p\u00ebrb\u00ebr\u00ebsit e sistemit t\u00eb p\u00ebrshtatsh\u00ebm p\u00ebr projektin. T\u00eb gjith\u00eb komponent\u00ebt e sistemit t\u00eb ajrit t\u00eb kondicionuar mund t\u00eb monitorohen dhe menaxhohen n\u00ebp\u00ebrmjet Platform\u00ebs s\u00eb Menaxhimit t\u00eb Bibliotek\u00ebs.<\/p>\t\t\t\t\t\t\t\t<\/div>\n\t\t\t\t<\/div>\n\t\t\t\t<\/div>\n\t\t\t\t\t<\/div>\n\t\t\t\t<\/div>\n\t\t\t\t<\/div>\n\t\t","protected":false},"excerpt":{"rendered":"<p>N\u00eb klimatizimin e bibliotekave, \u00ebsht\u00eb e r\u00ebnd\u00ebsishme t\u00eb ruhet koleksioni n\u00eb nivelet e duhura t\u00eb lag\u00ebshtis\u00eb dhe temperatur\u00ebs dhe t\u00eb krijohen hap\u00ebsira banimi t\u00eb p\u00ebrshtatshme p\u00ebr komoditetin e p\u00ebrdoruesve. P\u00ebr k\u00ebt\u00eb arsye, klimatizimi nuk b\u00ebhet me zgjidhje t\u00eb thjeshta, por me sisteme t\u00eb menaxhuara nga qendra dhe t\u00eb kontrolluara automatikisht n\u00eb koh\u00eb reale, t\u00eb cilat [&hellip;]<\/p>\n","protected":false},"author":2,"featured_media":0,"parent":0,"menu_order":0,"comment_status":"closed","ping_status":"closed","template":"","meta":{"footnotes":""},"class_list":["post-312","page","type-page","status-publish","hentry","post"],"_links":{"self":[{"href":"https:\/\/bibliotekavirtuale.com\/index.php\/wp-json\/wp\/v2\/pages\/312","targetHints":{"allow":["GET"]}}],"collection":[{"href":"https:\/\/bibliotekavirtuale.com\/index.php\/wp-json\/wp\/v2\/pages"}],"about":[{"href":"https:\/\/bibliotekavirtuale.com\/index.php\/wp-json\/wp\/v2\/types\/page"}],"author":[{"embeddable":true,"href":"https:\/\/bibliotekavirtuale.com\/index.php\/wp-json\/wp\/v2\/users\/2"}],"replies":[{"embeddable":true,"href":"https:\/\/bibliotekavirtuale.com\/index.php\/wp-json\/wp\/v2\/comments?post=312"}],"version-history":[{"count":7,"href":"https:\/\/bibliotekavirtuale.com\/index.php\/wp-json\/wp\/v2\/pages\/312\/revisions"}],"predecessor-version":[{"id":322,"href":"https:\/\/bibliotekavirtuale.com\/index.php\/wp-json\/wp\/v2\/pages\/312\/revisions\/322"}],"wp:attachment":[{"href":"https:\/\/bibliotekavirtuale.com\/index.php\/wp-json\/wp\/v2\/media?parent=312"}],"curies":[{"name":"wp","href":"https:\/\/api.w.org\/{rel}","templated":true}]}}